{"id":1207,"date":"2022-05-19T09:05:04","date_gmt":"2022-05-19T07:05:04","guid":{"rendered":"https:\/\/www.wanderbetrieb.at\/?page_id=1207"},"modified":"2024-05-28T12:34:03","modified_gmt":"2024-05-28T10:34:03","slug":"guida-escursionistica","status":"publish","type":"page","link":"https:\/\/www.wanderbetrieb.at\/it\/wanderbegleitung\/","title":{"rendered":"guida escursionistica"},"content":{"rendered":"\t\t<div data-elementor-type=\"wp-page\" data-elementor-id=\"1207\" class=\"elementor elementor-1207\" data-elementor-post-type=\"page\">\n\t\t\t\t\t\t<section class=\"elementor-section elementor-top-section elementor-element elementor-element-ce9cf01 elementor-section-full_width elementor-section-stretched elementor-section-height-default elementor-section-height-default\" data-id=\"ce9cf01\" data-element_type=\"section\" data-e-type=\"section\" data-settings=\"{&quot;stretch_section&quot;:&quot;section-stretched&quot;}\">\n\t\t\t\t\t\t<div class=\"elementor-container elementor-column-gap-default\">\n\t\t\t\t\t<div class=\"elementor-column elementor-col-100 elementor-top-column elementor-element elementor-element-b22503b\" data-id=\"b22503b\" data-element_type=\"column\" data-e-type=\"column\">\n\t\t\t<div class=\"elementor-widget-wrap elementor-element-populated\">\n\t\t\t\t\t\t<div class=\"elementor-element elementor-element-6b35d4c elementor-widget elementor-widget-slider_revolution\" data-id=\"6b35d4c\" data-element_type=\"widget\" data-e-type=\"widget\" data-widget_type=\"slider_revolution.default\">\n\t\t\t\t<div class=\"elementor-widget-container\">\n\t\t\t\t\t\n\t\t<div class=\"wp-block-themepunch-revslider\">\n\t\t\t<!-- START Wanderbegleitung REVOLUTION SLIDER 6.7.12 --><p class=\"rs-p-wp-fix\"><\/p>\n\t\t\t<rs-module-wrap id=\"rev_slider_2_1_wrapper\" data-source=\"gallery\" style=\"visibility:hidden;background:transparent;padding:0;margin:0px auto;margin-top:0;margin-bottom:0;\">\n\t\t\t\t<rs-module id=\"rev_slider_2_1\" style=\"\" data-version=\"6.7.12\">\n\t\t\t\t\t<rs-slides style=\"overflow: hidden; position: absolute;\">\n\t\t\t\t\t\t<rs-slide style=\"position: absolute;\" data-key=\"rs-10\" data-title=\"Slide\" data-duration=\"5000ms\" data-anim=\"adpr:false;\" data-in=\"o:0;row:400;\" data-out=\"a:false;\">\n\t\t\t\t\t\t\t<img fetchpriority=\"high\" decoding=\"async\" src=\"\/\/www.wanderbetrieb.at\/wp-content\/plugins\/revslider\/sr6\/assets\/assets\/dummy.png\" alt=\"Wanderbegleitung in der Fuschlseeregion\" title=\"Wanderbegleitung in der Fuschlseeregion\" width=\"1920\" height=\"900\" class=\"rev-slidebg tp-rs-img rs-lazyload\" data-lazyload=\"\/\/www.wanderbetrieb.at\/wp-content\/uploads\/2022\/05\/slider-wanderbegleitung-fuschlseeregion.webp\" data-no-retina>\n<!--\n\t\t\t\t\t\t\t--><rs-layer\n\t\t\t\t\t\t\t\tid=\"slider-2-slide-10-layer-1\" \n\t\t\t\t\t\t\t\tdata-type=\"text\"\n\t\t\t\t\t\t\t\tdata-tsh=\"c:rgba(0,0,0,0.85);h:3px;v:3px;b:3px,32px,3px,3px;\"\n\t\t\t\t\t\t\t\tdata-rsp_ch=\"on\"\n\t\t\t\t\t\t\t\tdata-xy=\"xo:25px,39px,30px,20px;yo:36px;\"\n\t\t\t\t\t\t\t\tdata-text=\"w:normal,normal,normal,normal;s:68,60,55,40;l:76,70,65,48;fw:300;\"\n\t\t\t\t\t\t\t\tdata-dim=\"w:95%,95%,92%,90%;\"\n\t\t\t\t\t\t\t\tdata-frame_1=\"e:power4.inOut;st:820;sp:1500;\"\n\t\t\t\t\t\t\t\tdata-frame_999=\"o:0;st:w;sR:3880;\"\n\t\t\t\t\t\t\t\tstyle=\"z-index:5;font-family:'Roboto Condensed';\"\n\t\t\t\t\t\t\t>Den richtigen Pfad finden. \n\t\t\t\t\t\t\t<\/rs-layer><!--\n-->\t\t\t\t\t<\/rs-slide>\n\t\t\t\t\t<\/rs-slides>\n\t\t\t\t\t<rs-static-layers><!--\n\n\t\t\t\t\t\t\t--><rs-layer\n\t\t\t\t\t\t\t\tid=\"slider-2-slide-2-layer-0\" \n\t\t\t\t\t\t\t\tclass=\"rev-scroll-btnrev-b-span-light rs-layer-static\"\n\t\t\t\t\t\t\t\tdata-type=\"button\"\n\t\t\t\t\t\t\t\tdata-xy=\"x:c;y:b;yo:50px,50px,50px,37px;\"\n\t\t\t\t\t\t\t\tdata-text=\"w:normal;s:17;l:20;ls:1;\"\n\t\t\t\t\t\t\t\tdata-dim=\"w:35px;h:55px;minw:35px,none,none,none;minh:55px,none,none,none;\"\n\t\t\t\t\t\t\t\tdata-actions='id:section-1;o:click;a:scrollto;sp:1000ms;e:power1.inOut;'\n\t\t\t\t\t\t\t\tdata-rsp_o=\"off\"\n\t\t\t\t\t\t\t\tdata-rsp_bd=\"off\"\n\t\t\t\t\t\t\t\tdata-onslides=\"s:1;\"\n\t\t\t\t\t\t\t\tdata-padding=\"t:22;r:14;b:22;l:14;\"\n\t\t\t\t\t\t\t\tdata-border=\"bos:solid;boc:rgba(255,255,255,0.75);bow:3px,3px,3px,3px;bor:23px,23px,23px,23px;\"\n\t\t\t\t\t\t\t\tdata-frame_999=\"o:0;st:w;sR:8700;\"\n\t\t\t\t\t\t\t\tstyle=\"z-index:8;font-family:'Roboto';text-transform:uppercase;\"\n\t\t\t\t\t\t\t><span><\/span><span><\/span><span><\/span> \n\t\t\t\t\t\t\t<\/rs-layer><!--\n\t\t\t\t\t--><\/rs-static-layers>\n\t\t\t\t<\/rs-module>\n\t\t\t\t<script>\n\t\t\t\t\tsetREVStartSize({c: 'rev_slider_2_1',rl:[1240,1024,778,480],el:[905,768,960,720],gw:[1920,1024,778,480],gh:[905,768,960,720],type:'standard',justify:'',layout:'fullwidth',mh:\"0\"});if (window.RS_MODULES!==undefined && window.RS_MODULES.modules!==undefined && window.RS_MODULES.modules[\"revslider21\"]!==undefined) {window.RS_MODULES.modules[\"revslider21\"].once = false;window.revapi2 = undefined;if (window.RS_MODULES.checkMinimal!==undefined) window.RS_MODULES.checkMinimal()}\n\t\t\t\t<\/script>\n\t\t\t<\/rs-module-wrap>\n\t\t\t<!-- END REVOLUTION SLIDER -->\n<\/div>\n\n\t\t\t\t\t\t<\/div>\n\t\t\t\t<\/div>\n\t\t\t\t\t<\/div>\n\t\t<\/div>\n\t\t\t\t\t<\/div>\n\t\t<\/section>\n\t\t\t\t<section class=\"elementor-section elementor-top-section elementor-element elementor-element-37d895b elementor-section-boxed elementor-section-height-default elementor-section-height-default\" data-id=\"37d895b\" data-element_type=\"section\" data-e-type=\"section\" id=\"section-1\">\n\t\t\t\t\t\t<div class=\"elementor-container elementor-column-gap-default\">\n\t\t\t\t\t<div class=\"elementor-column elementor-col-100 elementor-top-column elementor-element elementor-element-84a5ee7\" data-id=\"84a5ee7\" data-element_type=\"column\" data-e-type=\"column\">\n\t\t\t<div class=\"elementor-widget-wrap elementor-element-populated\">\n\t\t\t\t\t\t<div class=\"elementor-element elementor-element-ac86812 uael-heading-align-center elementor-widget elementor-widget-uael-advanced-heading\" data-id=\"ac86812\" data-element_type=\"widget\" data-e-type=\"widget\" data-widget_type=\"uael-advanced-heading.default\">\n\t\t\t\t<div class=\"elementor-widget-container\">\n\t\t\t\t\t\n\t\t<div class=\"uael-module-content uael-heading-wrapper\">\n\t\t\t\t\t\t\n\t\t\t<h1 class=\"uael-heading\">\n\t\t\t\t\t\t\t\t\t\t<span class=\"uael-heading-text elementor-inline-editing uael-size--default\" data-elementor-setting-key=\"heading_title\" data-elementor-inline-editing-toolbar=\"basic\">Wanderbegleitung, den richtigen Pfad finden!<\/span>\n\t\t\t\t\t\t\t<\/h1>\n\n\t\t\t\n\t\t\t\t\t\t<div class=\"uael-module-content uael-separator-parent\">\n\t\t\t\t\t\t\t\t<div class=\"uael-separator-wrap\">\n\t\t\t\t\t<div class=\"uael-separator-line uael-side-left\">\n\t\t\t\t\t\t<span><\/span>\n\t\t\t\t\t<\/div>\n\t\t\t\t\t<div class=\"uael-divider-content\">\n\t\t\t\t\t\t\t\t\t\t\t\t<h6 class=\"uael-divider-text elementor-inline-editing\" data-elementor-setting-key=\"heading_line_text\" data-elementor-inline-editing-toolbar=\"basic\">Wandern ja, aber wo?<\/h6>\n\t\t\t\t\t<\/div>\n\t\t\t\t\t<div class=\"uael-separator-line uael-side-right\">\n\t\t\t\t\t\t<span><\/span>\n\t\t\t\t\t<\/div>\n\t\t\t\t<\/div>\n\t\t\t\t\t\t\t\t\t\t<\/div>\n\t\t\t\n\t\t\t\n\t\t\t\t\t\t<\/div>\n\t\t\t\t\t\t<\/div>\n\t\t\t\t<\/div>\n\t\t\t\t<div class=\"elementor-element elementor-element-3601126 elementor-widget elementor-widget-text-editor\" data-id=\"3601126\" data-element_type=\"widget\" data-e-type=\"widget\" data-widget_type=\"text-editor.default\">\n\t\t\t\t<div class=\"elementor-widget-container\">\n\t\t\t\t\t\t\t\t\t<p style=\"text-align: center;\">Viele Pfade f\u00fchren zum Ziel, hei\u00dft es bekanntlich, aber welcher passt am besten zu mir?<\/p>\n<h2 style=\"text-align: center;\">Gerne helfen wir Ihnen bei der Wahl der richtigen Strecke und bei der Vorbereitung.<\/h2>\n<p style=\"text-align: center;\">Hier in der Faistenau von der Pension Schierl aus sind viel wundersch\u00f6ne Aussichtspunkte oder auch Kraftpl\u00e4tze leicht erreichbar. Viele davon, mit Start vor der Haust\u00fcre.<\/p>\t\t\t\t\t\t\t\t<\/div>\n\t\t\t\t<\/div>\n\t\t\t\t<div class=\"elementor-element elementor-element-45bb78c elementor-widget elementor-widget-heading\" data-id=\"45bb78c\" data-element_type=\"widget\" data-e-type=\"widget\" data-widget_type=\"heading.default\">\n\t\t\t\t<div class=\"elementor-widget-container\">\n\t\t\t\t\t<h2 class=\"elementor-heading-title elementor-size-default\">Einige Wanderideen in der Fuschlseeregion.<\/h2>\t\t\t\t<\/div>\n\t\t\t\t<\/div>\n\t\t\t\t\t<\/div>\n\t\t<\/div>\n\t\t\t\t\t<\/div>\n\t\t<\/section>\n\t\t\t\t<section class=\"elementor-section elementor-top-section elementor-element elementor-element-2e5f932 elementor-section-full_width elementor-section-height-default elementor-section-height-default\" data-id=\"2e5f932\" data-element_type=\"section\" data-e-type=\"section\">\n\t\t\t\t\t\t<div class=\"elementor-container elementor-column-gap-default\">\n\t\t\t\t\t<div class=\"elementor-column elementor-col-100 elementor-top-column elementor-element elementor-element-c9f0887\" data-id=\"c9f0887\" data-element_type=\"column\" data-e-type=\"column\">\n\t\t\t<div class=\"elementor-widget-wrap elementor-element-populated\">\n\t\t\t\t\t\t<div class=\"elementor-element elementor-element-e15e18e elementor-view-stacked elementor-shape-circle elementor-position-block-start elementor-mobile-position-block-start elementor-widget elementor-widget-icon-box\" data-id=\"e15e18e\" data-element_type=\"widget\" data-e-type=\"widget\" data-widget_type=\"icon-box.default\">\n\t\t\t\t<div class=\"elementor-widget-container\">\n\t\t\t\t\t\t\t<div class=\"elementor-icon-box-wrapper\">\n\n\t\t\t\t\t\t<div class=\"elementor-icon-box-icon\">\n\t\t\t\t<span  class=\"elementor-icon\">\n\t\t\t\t<i aria-hidden=\"true\" class=\"fas fa-walking\"><\/i>\t\t\t\t<\/span>\n\t\t\t<\/div>\n\t\t\t\n\t\t\t\t\t\t<div class=\"elementor-icon-box-content\">\n\n\t\t\t\t\t\t\t\t\t<h3 class=\"elementor-icon-box-title\">\n\t\t\t\t\t\t<span  >\n\t\t\t\t\t\t\tLeichte Wanderungen\t\t\t\t\t\t<\/span>\n\t\t\t\t\t<\/h3>\n\t\t\t\t\n\t\t\t\t\n\t\t\t<\/div>\n\t\t\t\n\t\t<\/div>\n\t\t\t\t\t\t<\/div>\n\t\t\t\t<\/div>\n\t\t\t\t\t<\/div>\n\t\t<\/div>\n\t\t\t\t\t<\/div>\n\t\t<\/section>\n\t\t\t\t<section class=\"elementor-section elementor-top-section elementor-element elementor-element-de3eaa2 elementor-section-boxed elementor-section-height-default elementor-section-height-default\" data-id=\"de3eaa2\" data-element_type=\"section\" data-e-type=\"section\" data-settings=\"{&quot;background_background&quot;:&quot;classic&quot;}\">\n\t\t\t\t\t\t\t<div class=\"elementor-background-overlay\"><\/div>\n\t\t\t\t\t\t\t<div class=\"elementor-container elementor-column-gap-default\">\n\t\t\t\t\t<div class=\"elementor-column elementor-col-100 elementor-top-column elementor-element elementor-element-212ef47\" data-id=\"212ef47\" data-element_type=\"column\" data-e-type=\"column\">\n\t\t\t<div class=\"elementor-widget-wrap elementor-element-populated\">\n\t\t\t\t\t\t<div class=\"elementor-element elementor-element-94c9e5a elementor-widget elementor-widget-text-editor\" data-id=\"94c9e5a\" data-element_type=\"widget\" data-e-type=\"widget\" data-widget_type=\"text-editor.default\">\n\t\t\t\t<div class=\"elementor-widget-container\">\n\t\t\t\t\t\t\t\t\t<p style=\"text-align: center;\">Eine Strecke die auch bei Kinder sehr beliebt ist.\nVom Ende der Tiefbrunnau aus ca. \u00bd bis \u00be Stunden bis zur Bartlh\u00fctte. Von dort aus liegt St. Gilgen und der Wolfgangsee zu Ihren F\u00fcssen.<\/p>\t\t\t\t\t\t\t\t<\/div>\n\t\t\t\t<\/div>\n\t\t\t\t<div class=\"elementor-element elementor-element-e0142da uael-ins-normal elementor-widget elementor-widget-uael-image-gallery\" data-id=\"e0142da\" data-element_type=\"widget\" data-e-type=\"widget\" data-settings=\"{&quot;slides_to_show&quot;:3,&quot;slides_to_show_mobile&quot;:1,&quot;slides_to_show_tablet&quot;:3,&quot;slides_to_scroll&quot;:1,&quot;slides_to_scroll_tablet&quot;:1,&quot;slides_to_scroll_mobile&quot;:1,&quot;column_gap&quot;:{&quot;unit&quot;:&quot;px&quot;,&quot;size&quot;:20,&quot;sizes&quot;:[]},&quot;column_gap_tablet&quot;:{&quot;unit&quot;:&quot;px&quot;,&quot;size&quot;:&quot;&quot;,&quot;sizes&quot;:[]},&quot;column_gap_mobile&quot;:{&quot;unit&quot;:&quot;px&quot;,&quot;size&quot;:&quot;&quot;,&quot;sizes&quot;:[]}}\" data-widget_type=\"uael-image-gallery.default\">\n\t\t\t\t<div class=\"elementor-widget-container\">\n\t\t\t\t\t<div class=\"uael-gallery-parent uael-caption- uael-gallery-unjustified\"><div data-image_carousel=\"{&quot;slidesToShow&quot;:3,&quot;slidesToScroll&quot;:1,&quot;autoplaySpeed&quot;:5000,&quot;autoplay&quot;:false,&quot;infinite&quot;:false,&quot;pauseOnHover&quot;:true,&quot;speed&quot;:500,&quot;arrows&quot;:false,&quot;dots&quot;:true,&quot;rtl&quot;:false,&quot;responsive&quot;:[{&quot;breakpoint&quot;:1024,&quot;settings&quot;:{&quot;slidesToShow&quot;:3,&quot;slidesToScroll&quot;:1}},{&quot;breakpoint&quot;:767,&quot;settings&quot;:{&quot;slidesToShow&quot;:1,&quot;slidesToScroll&quot;:1}}]}\" class=\"uael-img-gallery-wrap uael-img-carousel-wrap uael-nav-dots uael-image-lightbox-wrap\" data-filter-default=\"All\" data-lightbox_actions=\"[&quot;close&quot;]\" data-lightbox-gallery-loop=\"\"><div class=\"uael-grid-item  uael-img-gallery-item-1\"><div class=\"uael-grid-item-content\"><a class=\"uael-grid-img uael-grid-gallery-img uael-ins-hover elementor-clickable\" data-fancybox=\"uael-gallery\" href=\"https:\/\/www.wanderbetrieb.at\/wp-content\/uploads\/2022\/05\/wanderung-zur-bartlhuette-1.jpg\" data-elementor-open-lightbox=\"no\"><div class=\"uael-grid-img-thumbnail uael-ins-target\"><img decoding=\"async\" width=\"768\" height=\"576\" src=\"https:\/\/www.wanderbetrieb.at\/wp-content\/uploads\/2022\/05\/wanderung-zur-bartlhuette-1-768x576.jpg\" class=\"attachment-medium_large size-medium_large wp-image-1225\" alt=\"Wanderung zur Bartlh\u00fctte\" srcset=\"https:\/\/www.wanderbetrieb.at\/wp-content\/uploads\/2022\/05\/wanderung-zur-bartlhuette-1-768x576.jpg 768w, https:\/\/www.wanderbetrieb.at\/wp-content\/uploads\/2022\/05\/wanderung-zur-bartlhuette-1-600x450.jpg 600w, https:\/\/www.wanderbetrieb.at\/wp-content\/uploads\/2022\/05\/wanderung-zur-bartlhuette-1-300x225.jpg 300w, https:\/\/www.wanderbetrieb.at\/wp-content\/uploads\/2022\/05\/wanderung-zur-bartlhuette-1.jpg 960w\" sizes=\"(max-width: 768px) 100vw, 768px\" \/><\/div><div class=\"uael-grid-img-overlay\"><\/div><\/a><\/div><\/div><div class=\"uael-grid-item  uael-img-gallery-item-2\"><div class=\"uael-grid-item-content\"><a class=\"uael-grid-img uael-grid-gallery-img uael-ins-hover elementor-clickable\" data-fancybox=\"uael-gallery\" href=\"https:\/\/www.wanderbetrieb.at\/wp-content\/uploads\/2022\/05\/wanderung-zur-bartlhuette-2.jpg\" data-elementor-open-lightbox=\"no\"><div class=\"uael-grid-img-thumbnail uael-ins-target\"><img decoding=\"async\" width=\"768\" height=\"576\" src=\"https:\/\/www.wanderbetrieb.at\/wp-content\/uploads\/2022\/05\/wanderung-zur-bartlhuette-2-768x576.jpg\" class=\"attachment-medium_large size-medium_large wp-image-1228\" alt=\"Wanderung zur Bartlh\u00fctte\" srcset=\"https:\/\/www.wanderbetrieb.at\/wp-content\/uploads\/2022\/05\/wanderung-zur-bartlhuette-2-768x576.jpg 768w, https:\/\/www.wanderbetrieb.at\/wp-content\/uploads\/2022\/05\/wanderung-zur-bartlhuette-2-600x450.jpg 600w, https:\/\/www.wanderbetrieb.at\/wp-content\/uploads\/2022\/05\/wanderung-zur-bartlhuette-2-300x225.jpg 300w, https:\/\/www.wanderbetrieb.at\/wp-content\/uploads\/2022\/05\/wanderung-zur-bartlhuette-2.jpg 960w\" sizes=\"(max-width: 768px) 100vw, 768px\" \/><\/div><div class=\"uael-grid-img-overlay\"><\/div><\/a><\/div><\/div><div class=\"uael-grid-item  uael-img-gallery-item-3\"><div class=\"uael-grid-item-content\"><a class=\"uael-grid-img uael-grid-gallery-img uael-ins-hover elementor-clickable\" data-fancybox=\"uael-gallery\" href=\"https:\/\/www.wanderbetrieb.at\/wp-content\/uploads\/2022\/05\/wanderung-zur-bartlhuette-3.jpg\" data-elementor-open-lightbox=\"no\"><div class=\"uael-grid-img-thumbnail uael-ins-target\"><img loading=\"lazy\" decoding=\"async\" width=\"768\" height=\"576\" src=\"https:\/\/www.wanderbetrieb.at\/wp-content\/uploads\/2022\/05\/wanderung-zur-bartlhuette-3-768x576.jpg\" class=\"attachment-medium_large size-medium_large wp-image-1227\" alt=\"Wanderung zur Bartlh\u00fctte\" srcset=\"https:\/\/www.wanderbetrieb.at\/wp-content\/uploads\/2022\/05\/wanderung-zur-bartlhuette-3-768x576.jpg 768w, https:\/\/www.wanderbetrieb.at\/wp-content\/uploads\/2022\/05\/wanderung-zur-bartlhuette-3-600x450.jpg 600w, https:\/\/www.wanderbetrieb.at\/wp-content\/uploads\/2022\/05\/wanderung-zur-bartlhuette-3-300x225.jpg 300w, https:\/\/www.wanderbetrieb.at\/wp-content\/uploads\/2022\/05\/wanderung-zur-bartlhuette-3.jpg 960w\" sizes=\"(max-width: 768px) 100vw, 768px\" \/><\/div><div class=\"uael-grid-img-overlay\"><\/div><\/a><\/div><\/div><div class=\"uael-grid-item  uael-img-gallery-item-4\"><div class=\"uael-grid-item-content\"><a class=\"uael-grid-img uael-grid-gallery-img uael-ins-hover elementor-clickable\" data-fancybox=\"uael-gallery\" href=\"https:\/\/www.wanderbetrieb.at\/wp-content\/uploads\/2022\/05\/wanderung-zur-bartlhuette-4.jpg\" data-elementor-open-lightbox=\"no\"><div class=\"uael-grid-img-thumbnail uael-ins-target\"><img loading=\"lazy\" decoding=\"async\" width=\"768\" height=\"576\" src=\"https:\/\/www.wanderbetrieb.at\/wp-content\/uploads\/2022\/05\/wanderung-zur-bartlhuette-4-768x576.jpg\" class=\"attachment-medium_large size-medium_large wp-image-1226\" alt=\"Wanderung zur Bartlh\u00fctte\" srcset=\"https:\/\/www.wanderbetrieb.at\/wp-content\/uploads\/2022\/05\/wanderung-zur-bartlhuette-4-768x576.jpg 768w, https:\/\/www.wanderbetrieb.at\/wp-content\/uploads\/2022\/05\/wanderung-zur-bartlhuette-4-600x450.jpg 600w, https:\/\/www.wanderbetrieb.at\/wp-content\/uploads\/2022\/05\/wanderung-zur-bartlhuette-4-300x225.jpg 300w, https:\/\/www.wanderbetrieb.at\/wp-content\/uploads\/2022\/05\/wanderung-zur-bartlhuette-4.jpg 960w\" sizes=\"(max-width: 768px) 100vw, 768px\" \/><\/div><div class=\"uael-grid-img-overlay\"><\/div><\/a><\/div><\/div><\/div><\/div>\t\t\t\t<\/div>\n\t\t\t\t<\/div>\n\t\t\t\t\t<\/div>\n\t\t<\/div>\n\t\t\t\t\t<\/div>\n\t\t<\/section>\n\t\t\t\t<section class=\"elementor-section elementor-top-section elementor-element elementor-element-e266c40 elementor-section-boxed elementor-section-height-default elementor-section-height-default\" data-id=\"e266c40\" data-element_type=\"section\" data-e-type=\"section\" data-settings=\"{&quot;background_background&quot;:&quot;classic&quot;}\">\n\t\t\t\t\t\t<div class=\"elementor-container elementor-column-gap-default\">\n\t\t\t\t\t<div class=\"elementor-column elementor-col-100 elementor-top-column elementor-element elementor-element-51083a7\" data-id=\"51083a7\" data-element_type=\"column\" data-e-type=\"column\">\n\t\t\t<div class=\"elementor-widget-wrap elementor-element-populated\">\n\t\t\t\t\t\t<div class=\"elementor-element elementor-element-e59150a elementor-widget elementor-widget-heading\" data-id=\"e59150a\" data-element_type=\"widget\" data-e-type=\"widget\" data-widget_type=\"heading.default\">\n\t\t\t\t<div class=\"elementor-widget-container\">\n\t\t\t\t\t<h4 class=\"elementor-heading-title elementor-size-default\">Der Eibensee<\/h4>\t\t\t\t<\/div>\n\t\t\t\t<\/div>\n\t\t\t\t<div class=\"elementor-element elementor-element-649b7ba elementor-widget elementor-widget-text-editor\" data-id=\"649b7ba\" data-element_type=\"widget\" data-e-type=\"widget\" data-widget_type=\"text-editor.default\">\n\t\t\t\t<div class=\"elementor-widget-container\">\n\t\t\t\t\t\t\t\t\t<p style=\"text-align: center;\">Gleich nach Fuschl geht\u2019s los Richtung Eibensee. Der sanfte Anstieg ist besonders f\u00fcr Kinderwagen oder selbstgehen geeignet. Nach 4,5 km ist das Ziel erreicht. Im Sommer die Badehose nicht vergessen.<\/p>\t\t\t\t\t\t\t\t<\/div>\n\t\t\t\t<\/div>\n\t\t\t\t<div class=\"elementor-element elementor-element-f3049ce uael-ins-normal elementor-widget elementor-widget-uael-image-gallery\" data-id=\"f3049ce\" data-element_type=\"widget\" data-e-type=\"widget\" data-settings=\"{&quot;slides_to_show&quot;:3,&quot;slides_to_show_mobile&quot;:1,&quot;slides_to_show_tablet&quot;:3,&quot;slides_to_scroll&quot;:1,&quot;slides_to_scroll_tablet&quot;:1,&quot;slides_to_scroll_mobile&quot;:1,&quot;column_gap&quot;:{&quot;unit&quot;:&quot;px&quot;,&quot;size&quot;:20,&quot;sizes&quot;:[]},&quot;column_gap_tablet&quot;:{&quot;unit&quot;:&quot;px&quot;,&quot;size&quot;:&quot;&quot;,&quot;sizes&quot;:[]},&quot;column_gap_mobile&quot;:{&quot;unit&quot;:&quot;px&quot;,&quot;size&quot;:&quot;&quot;,&quot;sizes&quot;:[]}}\" data-widget_type=\"uael-image-gallery.default\">\n\t\t\t\t<div class=\"elementor-widget-container\">\n\t\t\t\t\t<div class=\"uael-gallery-parent uael-caption- uael-gallery-unjustified\"><div data-image_carousel=\"{&quot;slidesToShow&quot;:3,&quot;slidesToScroll&quot;:1,&quot;autoplaySpeed&quot;:5000,&quot;autoplay&quot;:false,&quot;infinite&quot;:false,&quot;pauseOnHover&quot;:true,&quot;speed&quot;:500,&quot;arrows&quot;:false,&quot;dots&quot;:true,&quot;rtl&quot;:false,&quot;responsive&quot;:[{&quot;breakpoint&quot;:1024,&quot;settings&quot;:{&quot;slidesToShow&quot;:3,&quot;slidesToScroll&quot;:1}},{&quot;breakpoint&quot;:767,&quot;settings&quot;:{&quot;slidesToShow&quot;:1,&quot;slidesToScroll&quot;:1}}]}\" class=\"uael-img-gallery-wrap uael-img-carousel-wrap uael-nav-dots uael-image-lightbox-wrap\" data-filter-default=\"All\" data-lightbox_actions=\"[&quot;close&quot;]\" data-lightbox-gallery-loop=\"\"><div class=\"uael-grid-item  uael-img-gallery-item-1\"><div class=\"uael-grid-item-content\"><a class=\"uael-grid-img uael-grid-gallery-img uael-ins-hover elementor-clickable\" data-fancybox=\"uael-gallery\" href=\"https:\/\/www.wanderbetrieb.at\/wp-content\/uploads\/2022\/05\/wanderung-zum-eibensee-1.jpg\" data-elementor-open-lightbox=\"no\"><div class=\"uael-grid-img-thumbnail uael-ins-target\"><img loading=\"lazy\" decoding=\"async\" width=\"768\" height=\"576\" src=\"https:\/\/www.wanderbetrieb.at\/wp-content\/uploads\/2022\/05\/wanderung-zum-eibensee-1-768x576.jpg\" class=\"attachment-medium_large size-medium_large wp-image-1255\" alt=\"Wanderung zum Eibensee\" srcset=\"https:\/\/www.wanderbetrieb.at\/wp-content\/uploads\/2022\/05\/wanderung-zum-eibensee-1-768x576.jpg 768w, https:\/\/www.wanderbetrieb.at\/wp-content\/uploads\/2022\/05\/wanderung-zum-eibensee-1-600x450.jpg 600w, https:\/\/www.wanderbetrieb.at\/wp-content\/uploads\/2022\/05\/wanderung-zum-eibensee-1-300x225.jpg 300w, https:\/\/www.wanderbetrieb.at\/wp-content\/uploads\/2022\/05\/wanderung-zum-eibensee-1.jpg 960w\" sizes=\"(max-width: 768px) 100vw, 768px\" \/><\/div><div class=\"uael-grid-img-overlay\"><\/div><\/a><\/div><\/div><div class=\"uael-grid-item  uael-img-gallery-item-2\"><div class=\"uael-grid-item-content\"><a class=\"uael-grid-img uael-grid-gallery-img uael-ins-hover elementor-clickable\" data-fancybox=\"uael-gallery\" href=\"https:\/\/www.wanderbetrieb.at\/wp-content\/uploads\/2022\/05\/wanderung-zum-eibensee-2.jpg\" data-elementor-open-lightbox=\"no\"><div class=\"uael-grid-img-thumbnail uael-ins-target\"><img loading=\"lazy\" decoding=\"async\" width=\"768\" height=\"576\" src=\"https:\/\/www.wanderbetrieb.at\/wp-content\/uploads\/2022\/05\/wanderung-zum-eibensee-2-768x576.jpg\" class=\"attachment-medium_large size-medium_large wp-image-1254\" alt=\"Wanderung zum Eibensee\" srcset=\"https:\/\/www.wanderbetrieb.at\/wp-content\/uploads\/2022\/05\/wanderung-zum-eibensee-2-768x576.jpg 768w, https:\/\/www.wanderbetrieb.at\/wp-content\/uploads\/2022\/05\/wanderung-zum-eibensee-2-600x450.jpg 600w, https:\/\/www.wanderbetrieb.at\/wp-content\/uploads\/2022\/05\/wanderung-zum-eibensee-2-300x225.jpg 300w, https:\/\/www.wanderbetrieb.at\/wp-content\/uploads\/2022\/05\/wanderung-zum-eibensee-2.jpg 960w\" sizes=\"(max-width: 768px) 100vw, 768px\" \/><\/div><div class=\"uael-grid-img-overlay\"><\/div><\/a><\/div><\/div><div class=\"uael-grid-item  uael-img-gallery-item-3\"><div class=\"uael-grid-item-content\"><a class=\"uael-grid-img uael-grid-gallery-img uael-ins-hover elementor-clickable\" data-fancybox=\"uael-gallery\" href=\"https:\/\/www.wanderbetrieb.at\/wp-content\/uploads\/2022\/05\/wanderung-zum-eibensee-3.jpg\" data-elementor-open-lightbox=\"no\"><div class=\"uael-grid-img-thumbnail uael-ins-target\"><img loading=\"lazy\" decoding=\"async\" width=\"768\" height=\"576\" src=\"https:\/\/www.wanderbetrieb.at\/wp-content\/uploads\/2022\/05\/wanderung-zum-eibensee-3-768x576.jpg\" class=\"attachment-medium_large size-medium_large wp-image-1253\" alt=\"Wanderung zum Eibensee\" srcset=\"https:\/\/www.wanderbetrieb.at\/wp-content\/uploads\/2022\/05\/wanderung-zum-eibensee-3-768x576.jpg 768w, https:\/\/www.wanderbetrieb.at\/wp-content\/uploads\/2022\/05\/wanderung-zum-eibensee-3-600x450.jpg 600w, https:\/\/www.wanderbetrieb.at\/wp-content\/uploads\/2022\/05\/wanderung-zum-eibensee-3-300x225.jpg 300w, https:\/\/www.wanderbetrieb.at\/wp-content\/uploads\/2022\/05\/wanderung-zum-eibensee-3.jpg 960w\" sizes=\"(max-width: 768px) 100vw, 768px\" \/><\/div><div class=\"uael-grid-img-overlay\"><\/div><\/a><\/div><\/div><div class=\"uael-grid-item  uael-img-gallery-item-4\"><div class=\"uael-grid-item-content\"><a class=\"uael-grid-img uael-grid-gallery-img uael-ins-hover elementor-clickable\" data-fancybox=\"uael-gallery\" href=\"https:\/\/www.wanderbetrieb.at\/wp-content\/uploads\/2022\/05\/wanderung-zum-eibensee-4.jpg\" data-elementor-open-lightbox=\"no\"><div class=\"uael-grid-img-thumbnail uael-ins-target\"><img loading=\"lazy\" decoding=\"async\" width=\"768\" height=\"576\" src=\"https:\/\/www.wanderbetrieb.at\/wp-content\/uploads\/2022\/05\/wanderung-zum-eibensee-4-768x576.jpg\" class=\"attachment-medium_large size-medium_large wp-image-1252\" alt=\"Wanderung zum Eibensee\" srcset=\"https:\/\/www.wanderbetrieb.at\/wp-content\/uploads\/2022\/05\/wanderung-zum-eibensee-4-768x576.jpg 768w, https:\/\/www.wanderbetrieb.at\/wp-content\/uploads\/2022\/05\/wanderung-zum-eibensee-4-600x450.jpg 600w, https:\/\/www.wanderbetrieb.at\/wp-content\/uploads\/2022\/05\/wanderung-zum-eibensee-4-300x225.jpg 300w, https:\/\/www.wanderbetrieb.at\/wp-content\/uploads\/2022\/05\/wanderung-zum-eibensee-4.jpg 960w\" sizes=\"(max-width: 768px) 100vw, 768px\" \/><\/div><div class=\"uael-grid-img-overlay\"><\/div><\/a><\/div><\/div><div class=\"uael-grid-item  uael-img-gallery-item-5\"><div class=\"uael-grid-item-content\"><a class=\"uael-grid-img uael-grid-gallery-img uael-ins-hover elementor-clickable\" data-fancybox=\"uael-gallery\" href=\"https:\/\/www.wanderbetrieb.at\/wp-content\/uploads\/2022\/05\/wanderung-zum-eibensee-5.jpg\" data-elementor-open-lightbox=\"no\"><div class=\"uael-grid-img-thumbnail uael-ins-target\"><img loading=\"lazy\" decoding=\"async\" width=\"768\" height=\"576\" src=\"https:\/\/www.wanderbetrieb.at\/wp-content\/uploads\/2022\/05\/wanderung-zum-eibensee-5-768x576.jpg\" class=\"attachment-medium_large size-medium_large wp-image-1251\" alt=\"Wanderung zum Eibensee\" srcset=\"https:\/\/www.wanderbetrieb.at\/wp-content\/uploads\/2022\/05\/wanderung-zum-eibensee-5-768x576.jpg 768w, https:\/\/www.wanderbetrieb.at\/wp-content\/uploads\/2022\/05\/wanderung-zum-eibensee-5-600x450.jpg 600w, https:\/\/www.wanderbetrieb.at\/wp-content\/uploads\/2022\/05\/wanderung-zum-eibensee-5-300x225.jpg 300w, https:\/\/www.wanderbetrieb.at\/wp-content\/uploads\/2022\/05\/wanderung-zum-eibensee-5.jpg 960w\" sizes=\"(max-width: 768px) 100vw, 768px\" \/><\/div><div class=\"uael-grid-img-overlay\"><\/div><\/a><\/div><\/div><\/div><\/div>\t\t\t\t<\/div>\n\t\t\t\t<\/div>\n\t\t\t\t\t<\/div>\n\t\t<\/div>\n\t\t\t\t\t<\/div>\n\t\t<\/section>\n\t\t\t\t<section class=\"elementor-section elementor-top-section elementor-element elementor-element-430edaf elementor-section-full_width elementor-section-height-default elementor-section-height-default\" data-id=\"430edaf\" data-element_type=\"section\" data-e-type=\"section\">\n\t\t\t\t\t\t<div class=\"elementor-container elementor-column-gap-default\">\n\t\t\t\t\t<div class=\"elementor-column elementor-col-100 elementor-top-column elementor-element elementor-element-df8eb19\" data-id=\"df8eb19\" data-element_type=\"column\" data-e-type=\"column\">\n\t\t\t<div class=\"elementor-widget-wrap elementor-element-populated\">\n\t\t\t\t\t\t<div class=\"elementor-element elementor-element-da730a8 elementor-view-stacked elementor-shape-circle elementor-position-block-start elementor-mobile-position-block-start elementor-widget elementor-widget-icon-box\" data-id=\"da730a8\" data-element_type=\"widget\" data-e-type=\"widget\" data-widget_type=\"icon-box.default\">\n\t\t\t\t<div class=\"elementor-widget-container\">\n\t\t\t\t\t\t\t<div class=\"elementor-icon-box-wrapper\">\n\n\t\t\t\t\t\t<div class=\"elementor-icon-box-icon\">\n\t\t\t\t<span  class=\"elementor-icon\">\n\t\t\t\t<i aria-hidden=\"true\" class=\"fas fa-walking\"><\/i>\t\t\t\t<\/span>\n\t\t\t<\/div>\n\t\t\t\n\t\t\t\t\t\t<div class=\"elementor-icon-box-content\">\n\n\t\t\t\t\t\t\t\t\t<h3 class=\"elementor-icon-box-title\">\n\t\t\t\t\t\t<span  >\n\t\t\t\t\t\t\tMittelschwere Wanderungen\t\t\t\t\t\t<\/span>\n\t\t\t\t\t<\/h3>\n\t\t\t\t\n\t\t\t\t\n\t\t\t<\/div>\n\t\t\t\n\t\t<\/div>\n\t\t\t\t\t\t<\/div>\n\t\t\t\t<\/div>\n\t\t\t\t\t<\/div>\n\t\t<\/div>\n\t\t\t\t\t<\/div>\n\t\t<\/section>\n\t\t\t\t<section class=\"elementor-section elementor-top-section elementor-element elementor-element-6519fc5 elementor-section-boxed elementor-section-height-default elementor-section-height-default\" data-id=\"6519fc5\" data-element_type=\"section\" data-e-type=\"section\" data-settings=\"{&quot;background_background&quot;:&quot;classic&quot;}\">\n\t\t\t\t\t\t<div class=\"elementor-container elementor-column-gap-default\">\n\t\t\t\t\t<div class=\"elementor-column elementor-col-100 elementor-top-column elementor-element elementor-element-5b25ea2\" data-id=\"5b25ea2\" data-element_type=\"column\" data-e-type=\"column\">\n\t\t\t<div class=\"elementor-widget-wrap elementor-element-populated\">\n\t\t\t\t\t\t<div class=\"elementor-element elementor-element-de8747c elementor-widget elementor-widget-heading\" data-id=\"de8747c\" data-element_type=\"widget\" data-e-type=\"widget\" data-widget_type=\"heading.default\">\n\t\t\t\t<div class=\"elementor-widget-container\">\n\t\t\t\t\t<h4 class=\"elementor-heading-title elementor-size-default\">Der Almkogel<\/h4>\t\t\t\t<\/div>\n\t\t\t\t<\/div>\n\t\t\t\t<div class=\"elementor-element elementor-element-4f44b59 elementor-widget elementor-widget-text-editor\" data-id=\"4f44b59\" data-element_type=\"widget\" data-e-type=\"widget\" data-widget_type=\"text-editor.default\">\n\t\t\t\t<div class=\"elementor-widget-container\">\n\t\t\t\t\t\t\t\t\t<p style=\"text-align: center;\">Zwischen St. Gilgen und Mondsee beginnt der Aufstieg auf den Alkogel. Nach ca 1- 1,5 Stunden haben Sie Ihr Ziel erreicht.<\/p>\t\t\t\t\t\t\t\t<\/div>\n\t\t\t\t<\/div>\n\t\t\t\t<div class=\"elementor-element elementor-element-5bf7119 uael-ins-normal elementor-widget elementor-widget-uael-image-gallery\" data-id=\"5bf7119\" data-element_type=\"widget\" data-e-type=\"widget\" data-settings=\"{&quot;slides_to_show&quot;:3,&quot;slides_to_show_mobile&quot;:1,&quot;slides_to_show_tablet&quot;:3,&quot;slides_to_scroll&quot;:1,&quot;slides_to_scroll_tablet&quot;:1,&quot;slides_to_scroll_mobile&quot;:1,&quot;column_gap&quot;:{&quot;unit&quot;:&quot;px&quot;,&quot;size&quot;:20,&quot;sizes&quot;:[]},&quot;column_gap_tablet&quot;:{&quot;unit&quot;:&quot;px&quot;,&quot;size&quot;:&quot;&quot;,&quot;sizes&quot;:[]},&quot;column_gap_mobile&quot;:{&quot;unit&quot;:&quot;px&quot;,&quot;size&quot;:&quot;&quot;,&quot;sizes&quot;:[]}}\" data-widget_type=\"uael-image-gallery.default\">\n\t\t\t\t<div class=\"elementor-widget-container\">\n\t\t\t\t\t<div class=\"uael-gallery-parent uael-caption- uael-gallery-unjustified\"><div data-image_carousel=\"{&quot;slidesToShow&quot;:3,&quot;slidesToScroll&quot;:1,&quot;autoplaySpeed&quot;:5000,&quot;autoplay&quot;:false,&quot;infinite&quot;:false,&quot;pauseOnHover&quot;:true,&quot;speed&quot;:500,&quot;arrows&quot;:false,&quot;dots&quot;:true,&quot;rtl&quot;:false,&quot;responsive&quot;:[{&quot;breakpoint&quot;:1024,&quot;settings&quot;:{&quot;slidesToShow&quot;:3,&quot;slidesToScroll&quot;:1}},{&quot;breakpoint&quot;:767,&quot;settings&quot;:{&quot;slidesToShow&quot;:1,&quot;slidesToScroll&quot;:1}}]}\" class=\"uael-img-gallery-wrap uael-img-carousel-wrap uael-nav-dots uael-image-lightbox-wrap\" data-filter-default=\"All\" data-lightbox_actions=\"[&quot;close&quot;]\" data-lightbox-gallery-loop=\"\"><div class=\"uael-grid-item  uael-img-gallery-item-1\"><div class=\"uael-grid-item-content\"><a class=\"uael-grid-img uael-grid-gallery-img uael-ins-hover elementor-clickable\" data-fancybox=\"uael-gallery\" href=\"https:\/\/www.wanderbetrieb.at\/wp-content\/uploads\/2022\/05\/wanderung-zum-almkogel-1.jpg\" data-elementor-open-lightbox=\"no\"><div class=\"uael-grid-img-thumbnail uael-ins-target\"><img loading=\"lazy\" decoding=\"async\" width=\"768\" height=\"576\" src=\"https:\/\/www.wanderbetrieb.at\/wp-content\/uploads\/2022\/05\/wanderung-zum-almkogel-1-768x576.jpg\" class=\"attachment-medium_large size-medium_large wp-image-1283\" alt=\"Wanderung zum Almkogel\" srcset=\"https:\/\/www.wanderbetrieb.at\/wp-content\/uploads\/2022\/05\/wanderung-zum-almkogel-1-768x576.jpg 768w, https:\/\/www.wanderbetrieb.at\/wp-content\/uploads\/2022\/05\/wanderung-zum-almkogel-1-600x450.jpg 600w, https:\/\/www.wanderbetrieb.at\/wp-content\/uploads\/2022\/05\/wanderung-zum-almkogel-1-300x225.jpg 300w, https:\/\/www.wanderbetrieb.at\/wp-content\/uploads\/2022\/05\/wanderung-zum-almkogel-1.jpg 960w\" sizes=\"(max-width: 768px) 100vw, 768px\" \/><\/div><div class=\"uael-grid-img-overlay\"><\/div><\/a><\/div><\/div><div class=\"uael-grid-item  uael-img-gallery-item-2\"><div class=\"uael-grid-item-content\"><a class=\"uael-grid-img uael-grid-gallery-img uael-ins-hover elementor-clickable\" data-fancybox=\"uael-gallery\" href=\"https:\/\/www.wanderbetrieb.at\/wp-content\/uploads\/2022\/05\/wanderung-zum-almkogel-2.jpg\" data-elementor-open-lightbox=\"no\"><div class=\"uael-grid-img-thumbnail uael-ins-target\"><img loading=\"lazy\" decoding=\"async\" width=\"768\" height=\"576\" src=\"https:\/\/www.wanderbetrieb.at\/wp-content\/uploads\/2022\/05\/wanderung-zum-almkogel-2-768x576.jpg\" class=\"attachment-medium_large size-medium_large wp-image-1282\" alt=\"Wanderung zum Almkogel\" srcset=\"https:\/\/www.wanderbetrieb.at\/wp-content\/uploads\/2022\/05\/wanderung-zum-almkogel-2-768x576.jpg 768w, https:\/\/www.wanderbetrieb.at\/wp-content\/uploads\/2022\/05\/wanderung-zum-almkogel-2-600x450.jpg 600w, https:\/\/www.wanderbetrieb.at\/wp-content\/uploads\/2022\/05\/wanderung-zum-almkogel-2-300x225.jpg 300w, https:\/\/www.wanderbetrieb.at\/wp-content\/uploads\/2022\/05\/wanderung-zum-almkogel-2.jpg 960w\" sizes=\"(max-width: 768px) 100vw, 768px\" \/><\/div><div class=\"uael-grid-img-overlay\"><\/div><\/a><\/div><\/div><div class=\"uael-grid-item  uael-img-gallery-item-3\"><div class=\"uael-grid-item-content\"><a class=\"uael-grid-img uael-grid-gallery-img uael-ins-hover elementor-clickable\" data-fancybox=\"uael-gallery\" href=\"https:\/\/www.wanderbetrieb.at\/wp-content\/uploads\/2022\/05\/wanderung-zum-almkogel-3.jpg\" data-elementor-open-lightbox=\"no\"><div class=\"uael-grid-img-thumbnail uael-ins-target\"><img loading=\"lazy\" decoding=\"async\" width=\"768\" height=\"576\" src=\"https:\/\/www.wanderbetrieb.at\/wp-content\/uploads\/2022\/05\/wanderung-zum-almkogel-3-768x576.jpg\" class=\"attachment-medium_large size-medium_large wp-image-1281\" alt=\"Wanderung zum Almkogel\" srcset=\"https:\/\/www.wanderbetrieb.at\/wp-content\/uploads\/2022\/05\/wanderung-zum-almkogel-3-768x576.jpg 768w, https:\/\/www.wanderbetrieb.at\/wp-content\/uploads\/2022\/05\/wanderung-zum-almkogel-3-600x450.jpg 600w, https:\/\/www.wanderbetrieb.at\/wp-content\/uploads\/2022\/05\/wanderung-zum-almkogel-3-300x225.jpg 300w, https:\/\/www.wanderbetrieb.at\/wp-content\/uploads\/2022\/05\/wanderung-zum-almkogel-3.jpg 960w\" sizes=\"(max-width: 768px) 100vw, 768px\" \/><\/div><div class=\"uael-grid-img-overlay\"><\/div><\/a><\/div><\/div><div class=\"uael-grid-item  uael-img-gallery-item-4\"><div class=\"uael-grid-item-content\"><a class=\"uael-grid-img uael-grid-gallery-img uael-ins-hover elementor-clickable\" data-fancybox=\"uael-gallery\" href=\"https:\/\/www.wanderbetrieb.at\/wp-content\/uploads\/2022\/05\/wanderung-zum-almkogel-4.jpg\" data-elementor-open-lightbox=\"no\"><div class=\"uael-grid-img-thumbnail uael-ins-target\"><img loading=\"lazy\" decoding=\"async\" width=\"768\" height=\"576\" src=\"https:\/\/www.wanderbetrieb.at\/wp-content\/uploads\/2022\/05\/wanderung-zum-almkogel-4-768x576.jpg\" class=\"attachment-medium_large size-medium_large wp-image-1280\" alt=\"Wanderung zum Almkogel\" srcset=\"https:\/\/www.wanderbetrieb.at\/wp-content\/uploads\/2022\/05\/wanderung-zum-almkogel-4-768x576.jpg 768w, https:\/\/www.wanderbetrieb.at\/wp-content\/uploads\/2022\/05\/wanderung-zum-almkogel-4-600x450.jpg 600w, https:\/\/www.wanderbetrieb.at\/wp-content\/uploads\/2022\/05\/wanderung-zum-almkogel-4-300x225.jpg 300w, https:\/\/www.wanderbetrieb.at\/wp-content\/uploads\/2022\/05\/wanderung-zum-almkogel-4.jpg 960w\" sizes=\"(max-width: 768px) 100vw, 768px\" \/><\/div><div class=\"uael-grid-img-overlay\"><\/div><\/a><\/div><\/div><\/div><\/div>\t\t\t\t<\/div>\n\t\t\t\t<\/div>\n\t\t\t\t<div class=\"elementor-element elementor-element-e6bfa13 elementor-view-default elementor-widget elementor-widget-icon\" data-id=\"e6bfa13\" data-element_type=\"widget\" data-e-type=\"widget\" data-widget_type=\"icon.default\">\n\t\t\t\t<div class=\"elementor-widget-container\">\n\t\t\t\t\t\t\t<div class=\"elementor-icon-wrapper\">\n\t\t\t<a class=\"elementor-icon\" href=\"#almkogel-streetview\">\n\t\t\t<i aria-hidden=\"true\" class=\"fas fa-street-view\"><\/i>\t\t\t<\/a>\n\t\t<\/div>\n\t\t\t\t\t\t<\/div>\n\t\t\t\t<\/div>\n\t\t\t\t\t<\/div>\n\t\t<\/div>\n\t\t\t\t\t<\/div>\n\t\t<\/section>\n\t\t\t\t<section class=\"elementor-section elementor-top-section elementor-element elementor-element-716fb21 elementor-section-full_width elementor-section-height-default elementor-section-height-default\" data-id=\"716fb21\" data-element_type=\"section\" data-e-type=\"section\">\n\t\t\t\t\t\t<div class=\"elementor-container elementor-column-gap-default\">\n\t\t\t\t\t<div class=\"elementor-column elementor-col-100 elementor-top-column elementor-element elementor-element-8b6b453\" data-id=\"8b6b453\" data-element_type=\"column\" data-e-type=\"column\">\n\t\t\t<div class=\"elementor-widget-wrap elementor-element-populated\">\n\t\t\t\t\t\t<div class=\"elementor-element elementor-element-862662f elementor-view-stacked elementor-shape-circle elementor-position-block-start elementor-mobile-position-block-start elementor-widget elementor-widget-icon-box\" data-id=\"862662f\" data-element_type=\"widget\" data-e-type=\"widget\" data-widget_type=\"icon-box.default\">\n\t\t\t\t<div class=\"elementor-widget-container\">\n\t\t\t\t\t\t\t<div class=\"elementor-icon-box-wrapper\">\n\n\t\t\t\t\t\t<div class=\"elementor-icon-box-icon\">\n\t\t\t\t<span  class=\"elementor-icon\">\n\t\t\t\t<i aria-hidden=\"true\" class=\"fas fa-walking\"><\/i>\t\t\t\t<\/span>\n\t\t\t<\/div>\n\t\t\t\n\t\t\t\t\t\t<div class=\"elementor-icon-box-content\">\n\n\t\t\t\t\t\t\t\t\t<h3 class=\"elementor-icon-box-title\">\n\t\t\t\t\t\t<span  >\n\t\t\t\t\t\t\tF\u00fcr ge\u00fcbte Wanderer\t\t\t\t\t\t<\/span>\n\t\t\t\t\t<\/h3>\n\t\t\t\t\n\t\t\t\t\n\t\t\t<\/div>\n\t\t\t\n\t\t<\/div>\n\t\t\t\t\t\t<\/div>\n\t\t\t\t<\/div>\n\t\t\t\t\t<\/div>\n\t\t<\/div>\n\t\t\t\t\t<\/div>\n\t\t<\/section>\n\t\t\t\t<section class=\"elementor-section elementor-top-section elementor-element elementor-element-bf4420b elementor-section-boxed elementor-section-height-default elementor-section-height-default\" data-id=\"bf4420b\" data-element_type=\"section\" data-e-type=\"section\" data-settings=\"{&quot;background_background&quot;:&quot;classic&quot;}\">\n\t\t\t\t\t\t<div class=\"elementor-container elementor-column-gap-default\">\n\t\t\t\t\t<div class=\"elementor-column elementor-col-100 elementor-top-column elementor-element elementor-element-069e55e\" data-id=\"069e55e\" data-element_type=\"column\" data-e-type=\"column\">\n\t\t\t<div class=\"elementor-widget-wrap elementor-element-populated\">\n\t\t\t\t\t\t<div class=\"elementor-element elementor-element-c2187af elementor-widget elementor-widget-heading\" data-id=\"c2187af\" data-element_type=\"widget\" data-e-type=\"widget\" data-widget_type=\"heading.default\">\n\t\t\t\t<div class=\"elementor-widget-container\">\n\t\t\t\t\t<h4 class=\"elementor-heading-title elementor-size-default\">Das Zw\u00f6lferhorn mal anders erleben<\/h4>\t\t\t\t<\/div>\n\t\t\t\t<\/div>\n\t\t\t\t<div class=\"elementor-element elementor-element-d07ae42 elementor-widget elementor-widget-text-editor\" data-id=\"d07ae42\" data-element_type=\"widget\" data-e-type=\"widget\" data-widget_type=\"text-editor.default\">\n\t\t\t\t<div class=\"elementor-widget-container\">\n\t\t\t\t\t\t\t\t\t<p style=\"text-align: center;\">Ausgangspunkt der 3 St\u00fcndigen ca. 12 km langen Wanderung ist das Ende von Tiefbrunnau. Bei dem Schranken geht man rechts \u00fcber den Bach und nach dem ersten steilen Anstieg durch die Forststra\u00dfe Richtung Mehlsack Alm. Von dort weiter zum Grad, leicht links halten. 1,5 Stunden nach dem Start offenbart sich die Bergwelt in voller Pracht. Weiter geht\u2019s Richtung Pillsteinh\u00f6he und aufs Gipfelkreuz vom Zw\u00f6lferhorn.  Einen Rundumblick vom Zw\u00f6lferhorn erhalten Sie<\/p>\t\t\t\t\t\t\t\t<\/div>\n\t\t\t\t<\/div>\n\t\t\t\t<div class=\"elementor-element elementor-element-d850879 uael-ins-normal elementor-widget elementor-widget-uael-image-gallery\" data-id=\"d850879\" data-element_type=\"widget\" data-e-type=\"widget\" data-settings=\"{&quot;slides_to_show&quot;:3,&quot;slides_to_show_mobile&quot;:1,&quot;slides_to_show_tablet&quot;:3,&quot;slides_to_scroll&quot;:1,&quot;slides_to_scroll_tablet&quot;:1,&quot;slides_to_scroll_mobile&quot;:1,&quot;column_gap&quot;:{&quot;unit&quot;:&quot;px&quot;,&quot;size&quot;:20,&quot;sizes&quot;:[]},&quot;column_gap_tablet&quot;:{&quot;unit&quot;:&quot;px&quot;,&quot;size&quot;:&quot;&quot;,&quot;sizes&quot;:[]},&quot;column_gap_mobile&quot;:{&quot;unit&quot;:&quot;px&quot;,&quot;size&quot;:&quot;&quot;,&quot;sizes&quot;:[]}}\" data-widget_type=\"uael-image-gallery.default\">\n\t\t\t\t<div class=\"elementor-widget-container\">\n\t\t\t\t\t<div class=\"uael-gallery-parent uael-caption- uael-gallery-unjustified\"><div data-image_carousel=\"{&quot;slidesToShow&quot;:3,&quot;slidesToScroll&quot;:1,&quot;autoplaySpeed&quot;:5000,&quot;autoplay&quot;:false,&quot;infinite&quot;:false,&quot;pauseOnHover&quot;:true,&quot;speed&quot;:500,&quot;arrows&quot;:false,&quot;dots&quot;:true,&quot;rtl&quot;:false,&quot;responsive&quot;:[{&quot;breakpoint&quot;:1024,&quot;settings&quot;:{&quot;slidesToShow&quot;:3,&quot;slidesToScroll&quot;:1}},{&quot;breakpoint&quot;:767,&quot;settings&quot;:{&quot;slidesToShow&quot;:1,&quot;slidesToScroll&quot;:1}}]}\" class=\"uael-img-gallery-wrap uael-img-carousel-wrap uael-nav-dots uael-image-lightbox-wrap\" data-filter-default=\"All\" data-lightbox_actions=\"[&quot;close&quot;]\" data-lightbox-gallery-loop=\"\"><div class=\"uael-grid-item  uael-img-gallery-item-1\"><div class=\"uael-grid-item-content\"><a class=\"uael-grid-img uael-grid-gallery-img uael-ins-hover elementor-clickable\" data-fancybox=\"uael-gallery\" href=\"https:\/\/www.wanderbetrieb.at\/wp-content\/uploads\/2022\/05\/wanderung-zum-zwoelferhorn-1.jpg\" data-elementor-open-lightbox=\"no\"><div class=\"uael-grid-img-thumbnail uael-ins-target\"><img loading=\"lazy\" decoding=\"async\" width=\"768\" height=\"576\" src=\"https:\/\/www.wanderbetrieb.at\/wp-content\/uploads\/2022\/05\/wanderung-zum-zwoelferhorn-1-768x576.jpg\" class=\"attachment-medium_large size-medium_large wp-image-1325\" alt=\"Wanderung zum Zw\u00f6lferorn\" srcset=\"https:\/\/www.wanderbetrieb.at\/wp-content\/uploads\/2022\/05\/wanderung-zum-zwoelferhorn-1-768x576.jpg 768w, https:\/\/www.wanderbetrieb.at\/wp-content\/uploads\/2022\/05\/wanderung-zum-zwoelferhorn-1-600x450.jpg 600w, https:\/\/www.wanderbetrieb.at\/wp-content\/uploads\/2022\/05\/wanderung-zum-zwoelferhorn-1-300x225.jpg 300w, https:\/\/www.wanderbetrieb.at\/wp-content\/uploads\/2022\/05\/wanderung-zum-zwoelferhorn-1.jpg 960w\" sizes=\"(max-width: 768px) 100vw, 768px\" \/><\/div><div class=\"uael-grid-img-overlay\"><\/div><\/a><\/div><\/div><div class=\"uael-grid-item  uael-img-gallery-item-2\"><div class=\"uael-grid-item-content\"><a class=\"uael-grid-img uael-grid-gallery-img uael-ins-hover elementor-clickable\" data-fancybox=\"uael-gallery\" href=\"https:\/\/www.wanderbetrieb.at\/wp-content\/uploads\/2022\/05\/wanderung-zum-zwoelferhorn-2.jpg\" data-elementor-open-lightbox=\"no\"><div class=\"uael-grid-img-thumbnail uael-ins-target\"><img loading=\"lazy\" decoding=\"async\" width=\"768\" height=\"576\" src=\"https:\/\/www.wanderbetrieb.at\/wp-content\/uploads\/2022\/05\/wanderung-zum-zwoelferhorn-2-768x576.jpg\" class=\"attachment-medium_large size-medium_large wp-image-1324\" alt=\"Wanderung zum Zw\u00f6lferorn\" srcset=\"https:\/\/www.wanderbetrieb.at\/wp-content\/uploads\/2022\/05\/wanderung-zum-zwoelferhorn-2-768x576.jpg 768w, https:\/\/www.wanderbetrieb.at\/wp-content\/uploads\/2022\/05\/wanderung-zum-zwoelferhorn-2-600x450.jpg 600w, https:\/\/www.wanderbetrieb.at\/wp-content\/uploads\/2022\/05\/wanderung-zum-zwoelferhorn-2-300x225.jpg 300w, https:\/\/www.wanderbetrieb.at\/wp-content\/uploads\/2022\/05\/wanderung-zum-zwoelferhorn-2.jpg 960w\" sizes=\"(max-width: 768px) 100vw, 768px\" \/><\/div><div class=\"uael-grid-img-overlay\"><\/div><\/a><\/div><\/div><div class=\"uael-grid-item  uael-img-gallery-item-3\"><div class=\"uael-grid-item-content\"><a class=\"uael-grid-img uael-grid-gallery-img uael-ins-hover elementor-clickable\" data-fancybox=\"uael-gallery\" href=\"https:\/\/www.wanderbetrieb.at\/wp-content\/uploads\/2022\/05\/wanderung-zum-zwoelferhorn-3.jpg\" data-elementor-open-lightbox=\"no\"><div class=\"uael-grid-img-thumbnail uael-ins-target\"><img loading=\"lazy\" decoding=\"async\" width=\"768\" height=\"576\" src=\"https:\/\/www.wanderbetrieb.at\/wp-content\/uploads\/2022\/05\/wanderung-zum-zwoelferhorn-3-768x576.jpg\" class=\"attachment-medium_large size-medium_large wp-image-1323\" alt=\"Wanderung zum Zw\u00f6lferorn\" srcset=\"https:\/\/www.wanderbetrieb.at\/wp-content\/uploads\/2022\/05\/wanderung-zum-zwoelferhorn-3-768x576.jpg 768w, https:\/\/www.wanderbetrieb.at\/wp-content\/uploads\/2022\/05\/wanderung-zum-zwoelferhorn-3-600x450.jpg 600w, https:\/\/www.wanderbetrieb.at\/wp-content\/uploads\/2022\/05\/wanderung-zum-zwoelferhorn-3-300x225.jpg 300w, https:\/\/www.wanderbetrieb.at\/wp-content\/uploads\/2022\/05\/wanderung-zum-zwoelferhorn-3.jpg 960w\" sizes=\"(max-width: 768px) 100vw, 768px\" \/><\/div><div class=\"uael-grid-img-overlay\"><\/div><\/a><\/div><\/div><div class=\"uael-grid-item  uael-img-gallery-item-4\"><div class=\"uael-grid-item-content\"><a class=\"uael-grid-img uael-grid-gallery-img uael-ins-hover elementor-clickable\" data-fancybox=\"uael-gallery\" href=\"https:\/\/www.wanderbetrieb.at\/wp-content\/uploads\/2022\/05\/wanderung-zum-zwoelferhorn-4.jpg\" data-elementor-open-lightbox=\"no\"><div class=\"uael-grid-img-thumbnail uael-ins-target\"><img loading=\"lazy\" decoding=\"async\" width=\"768\" height=\"576\" src=\"https:\/\/www.wanderbetrieb.at\/wp-content\/uploads\/2022\/05\/wanderung-zum-zwoelferhorn-4-768x576.jpg\" class=\"attachment-medium_large size-medium_large wp-image-1322\" alt=\"Wanderung zum Zw\u00f6lferorn\" srcset=\"https:\/\/www.wanderbetrieb.at\/wp-content\/uploads\/2022\/05\/wanderung-zum-zwoelferhorn-4-768x576.jpg 768w, https:\/\/www.wanderbetrieb.at\/wp-content\/uploads\/2022\/05\/wanderung-zum-zwoelferhorn-4-600x450.jpg 600w, https:\/\/www.wanderbetrieb.at\/wp-content\/uploads\/2022\/05\/wanderung-zum-zwoelferhorn-4-300x225.jpg 300w, https:\/\/www.wanderbetrieb.at\/wp-content\/uploads\/2022\/05\/wanderung-zum-zwoelferhorn-4.jpg 960w\" sizes=\"(max-width: 768px) 100vw, 768px\" \/><\/div><div class=\"uael-grid-img-overlay\"><\/div><\/a><\/div><\/div><div class=\"uael-grid-item  uael-img-gallery-item-5\"><div class=\"uael-grid-item-content\"><a class=\"uael-grid-img uael-grid-gallery-img uael-ins-hover elementor-clickable\" data-fancybox=\"uael-gallery\" href=\"https:\/\/www.wanderbetrieb.at\/wp-content\/uploads\/2022\/05\/wanderung-zum-zwoelferhorn-5.jpg\" data-elementor-open-lightbox=\"no\"><div class=\"uael-grid-img-thumbnail uael-ins-target\"><img loading=\"lazy\" decoding=\"async\" width=\"768\" height=\"576\" src=\"https:\/\/www.wanderbetrieb.at\/wp-content\/uploads\/2022\/05\/wanderung-zum-zwoelferhorn-5-768x576.jpg\" class=\"attachment-medium_large size-medium_large wp-image-1321\" alt=\"Wanderung zum Zw\u00f6lferorn\" srcset=\"https:\/\/www.wanderbetrieb.at\/wp-content\/uploads\/2022\/05\/wanderung-zum-zwoelferhorn-5-768x576.jpg 768w, https:\/\/www.wanderbetrieb.at\/wp-content\/uploads\/2022\/05\/wanderung-zum-zwoelferhorn-5-600x450.jpg 600w, https:\/\/www.wanderbetrieb.at\/wp-content\/uploads\/2022\/05\/wanderung-zum-zwoelferhorn-5-300x225.jpg 300w, https:\/\/www.wanderbetrieb.at\/wp-content\/uploads\/2022\/05\/wanderung-zum-zwoelferhorn-5.jpg 960w\" sizes=\"(max-width: 768px) 100vw, 768px\" \/><\/div><div class=\"uael-grid-img-overlay\"><\/div><\/a><\/div><\/div><div class=\"uael-grid-item  uael-img-gallery-item-6\"><div class=\"uael-grid-item-content\"><a class=\"uael-grid-img uael-grid-gallery-img uael-ins-hover elementor-clickable\" data-fancybox=\"uael-gallery\" href=\"https:\/\/www.wanderbetrieb.at\/wp-content\/uploads\/2022\/05\/wanderung-zum-zwoelferhorn-6.jpg\" data-elementor-open-lightbox=\"no\"><div class=\"uael-grid-img-thumbnail uael-ins-target\"><img loading=\"lazy\" decoding=\"async\" width=\"768\" height=\"576\" src=\"https:\/\/www.wanderbetrieb.at\/wp-content\/uploads\/2022\/05\/wanderung-zum-zwoelferhorn-6-768x576.jpg\" class=\"attachment-medium_large size-medium_large wp-image-1320\" alt=\"Wanderung zum Zw\u00f6lferorn\" srcset=\"https:\/\/www.wanderbetrieb.at\/wp-content\/uploads\/2022\/05\/wanderung-zum-zwoelferhorn-6-768x576.jpg 768w, https:\/\/www.wanderbetrieb.at\/wp-content\/uploads\/2022\/05\/wanderung-zum-zwoelferhorn-6-600x450.jpg 600w, https:\/\/www.wanderbetrieb.at\/wp-content\/uploads\/2022\/05\/wanderung-zum-zwoelferhorn-6-300x225.jpg 300w, https:\/\/www.wanderbetrieb.at\/wp-content\/uploads\/2022\/05\/wanderung-zum-zwoelferhorn-6.jpg 960w\" sizes=\"(max-width: 768px) 100vw, 768px\" \/><\/div><div class=\"uael-grid-img-overlay\"><\/div><\/a><\/div><\/div><\/div><\/div>\t\t\t\t<\/div>\n\t\t\t\t<\/div>\n\t\t\t\t<div class=\"elementor-element elementor-element-edb869c elementor-view-default elementor-widget elementor-widget-icon\" data-id=\"edb869c\" data-element_type=\"widget\" data-e-type=\"widget\" data-widget_type=\"icon.default\">\n\t\t\t\t<div class=\"elementor-widget-container\">\n\t\t\t\t\t\t\t<div class=\"elementor-icon-wrapper\">\n\t\t\t<a class=\"elementor-icon\" href=\"#zwoelferhorn-streetview\">\n\t\t\t<i aria-hidden=\"true\" class=\"fas fa-street-view\"><\/i>\t\t\t<\/a>\n\t\t<\/div>\n\t\t\t\t\t\t<\/div>\n\t\t\t\t<\/div>\n\t\t\t\t\t<\/div>\n\t\t<\/div>\n\t\t\t\t\t<\/div>\n\t\t<\/section>\n\t\t\t\t<section class=\"elementor-section elementor-top-section elementor-element elementor-element-c895029 elementor-section-boxed elementor-section-height-default elementor-section-height-default\" data-id=\"c895029\" data-element_type=\"section\" data-e-type=\"section\" data-settings=\"{&quot;background_background&quot;:&quot;classic&quot;}\">\n\t\t\t\t\t\t<div class=\"elementor-container elementor-column-gap-default\">\n\t\t\t\t\t<div class=\"elementor-column elementor-col-100 elementor-top-column elementor-element elementor-element-1500b44\" data-id=\"1500b44\" data-element_type=\"column\" data-e-type=\"column\">\n\t\t\t<div class=\"elementor-widget-wrap elementor-element-populated\">\n\t\t\t\t\t\t<div class=\"elementor-element elementor-element-681e456 elementor-widget elementor-widget-heading\" data-id=\"681e456\" data-element_type=\"widget\" data-e-type=\"widget\" data-widget_type=\"heading.default\">\n\t\t\t\t<div class=\"elementor-widget-container\">\n\t\t\t\t\t<h4 class=\"elementor-heading-title elementor-size-default\">Der Sparber<\/h4>\t\t\t\t<\/div>\n\t\t\t\t<\/div>\n\t\t\t\t<div class=\"elementor-element elementor-element-237328b elementor-widget elementor-widget-text-editor\" data-id=\"237328b\" data-element_type=\"widget\" data-e-type=\"widget\" data-widget_type=\"text-editor.default\">\n\t\t\t\t<div class=\"elementor-widget-container\">\n\t\t\t\t\t\t\t\t\t<p style=\"text-align: center;\">F\u00fcr etwas ge\u00fcbtere Wanderer, die auch ein paar Meter \u00fcber die Leiter gehen k\u00f6nnen, bietet sich der Sparber bestens an. Einen Rundumblick erhalten Sie hier. Nach \u00dcberwindung von ca. 9 km und 900 H\u00f6henmeter kommt man nach dem Erlebnis wieder bei dem Ausgangspunkt an. Der\u00a0<a href=\"http:\/\/www.kleefeld.at\/\" target=\"_blank\" rel=\"noopener\">Gasthof Kleefeld<\/a>\u00a0verw\u00f6hnt daf\u00fcr mit Speis und Trank.<\/p>\t\t\t\t\t\t\t\t<\/div>\n\t\t\t\t<\/div>\n\t\t\t\t<div class=\"elementor-element elementor-element-ffb9cd6 uael-ins-normal elementor-widget elementor-widget-uael-image-gallery\" data-id=\"ffb9cd6\" data-element_type=\"widget\" data-e-type=\"widget\" data-settings=\"{&quot;slides_to_show&quot;:3,&quot;slides_to_show_mobile&quot;:1,&quot;slides_to_show_tablet&quot;:3,&quot;slides_to_scroll&quot;:1,&quot;slides_to_scroll_tablet&quot;:1,&quot;slides_to_scroll_mobile&quot;:1,&quot;column_gap&quot;:{&quot;unit&quot;:&quot;px&quot;,&quot;size&quot;:20,&quot;sizes&quot;:[]},&quot;column_gap_tablet&quot;:{&quot;unit&quot;:&quot;px&quot;,&quot;size&quot;:&quot;&quot;,&quot;sizes&quot;:[]},&quot;column_gap_mobile&quot;:{&quot;unit&quot;:&quot;px&quot;,&quot;size&quot;:&quot;&quot;,&quot;sizes&quot;:[]}}\" data-widget_type=\"uael-image-gallery.default\">\n\t\t\t\t<div class=\"elementor-widget-container\">\n\t\t\t\t\t<div class=\"uael-gallery-parent uael-caption- uael-gallery-unjustified\"><div data-image_carousel=\"{&quot;slidesToShow&quot;:3,&quot;slidesToScroll&quot;:1,&quot;autoplaySpeed&quot;:5000,&quot;autoplay&quot;:false,&quot;infinite&quot;:false,&quot;pauseOnHover&quot;:true,&quot;speed&quot;:500,&quot;arrows&quot;:false,&quot;dots&quot;:true,&quot;rtl&quot;:false,&quot;responsive&quot;:[{&quot;breakpoint&quot;:1024,&quot;settings&quot;:{&quot;slidesToShow&quot;:3,&quot;slidesToScroll&quot;:1}},{&quot;breakpoint&quot;:767,&quot;settings&quot;:{&quot;slidesToShow&quot;:1,&quot;slidesToScroll&quot;:1}}]}\" class=\"uael-img-gallery-wrap uael-img-carousel-wrap uael-nav-dots uael-image-lightbox-wrap\" data-filter-default=\"All\" data-lightbox_actions=\"[&quot;close&quot;]\" data-lightbox-gallery-loop=\"\"><div class=\"uael-grid-item  uael-img-gallery-item-1\"><div class=\"uael-grid-item-content\"><a class=\"uael-grid-img uael-grid-gallery-img uael-ins-hover elementor-clickable\" data-fancybox=\"uael-gallery\" href=\"https:\/\/www.wanderbetrieb.at\/wp-content\/uploads\/2022\/05\/wanderung-zum-sparber-1.jpg\" data-elementor-open-lightbox=\"no\"><div class=\"uael-grid-img-thumbnail uael-ins-target\"><img loading=\"lazy\" decoding=\"async\" width=\"768\" height=\"576\" src=\"https:\/\/www.wanderbetrieb.at\/wp-content\/uploads\/2022\/05\/wanderung-zum-sparber-1-768x576.jpg\" class=\"attachment-medium_large size-medium_large wp-image-1340\" alt=\"Wanderung zum Sparber\" srcset=\"https:\/\/www.wanderbetrieb.at\/wp-content\/uploads\/2022\/05\/wanderung-zum-sparber-1-768x576.jpg 768w, https:\/\/www.wanderbetrieb.at\/wp-content\/uploads\/2022\/05\/wanderung-zum-sparber-1-600x450.jpg 600w, https:\/\/www.wanderbetrieb.at\/wp-content\/uploads\/2022\/05\/wanderung-zum-sparber-1-300x225.jpg 300w, https:\/\/www.wanderbetrieb.at\/wp-content\/uploads\/2022\/05\/wanderung-zum-sparber-1.jpg 960w\" sizes=\"(max-width: 768px) 100vw, 768px\" \/><\/div><div class=\"uael-grid-img-overlay\"><\/div><\/a><\/div><\/div><div class=\"uael-grid-item  uael-img-gallery-item-2\"><div class=\"uael-grid-item-content\"><a class=\"uael-grid-img uael-grid-gallery-img uael-ins-hover elementor-clickable\" data-fancybox=\"uael-gallery\" href=\"https:\/\/www.wanderbetrieb.at\/wp-content\/uploads\/2022\/05\/wanderung-zum-sparber-2.jpg\" data-elementor-open-lightbox=\"no\"><div class=\"uael-grid-img-thumbnail uael-ins-target\"><img loading=\"lazy\" decoding=\"async\" width=\"768\" height=\"576\" src=\"https:\/\/www.wanderbetrieb.at\/wp-content\/uploads\/2022\/05\/wanderung-zum-sparber-2-768x576.jpg\" class=\"attachment-medium_large size-medium_large wp-image-1339\" alt=\"Wanderung zum Sparber\" srcset=\"https:\/\/www.wanderbetrieb.at\/wp-content\/uploads\/2022\/05\/wanderung-zum-sparber-2-768x576.jpg 768w, https:\/\/www.wanderbetrieb.at\/wp-content\/uploads\/2022\/05\/wanderung-zum-sparber-2-600x450.jpg 600w, https:\/\/www.wanderbetrieb.at\/wp-content\/uploads\/2022\/05\/wanderung-zum-sparber-2-300x225.jpg 300w, https:\/\/www.wanderbetrieb.at\/wp-content\/uploads\/2022\/05\/wanderung-zum-sparber-2.jpg 960w\" sizes=\"(max-width: 768px) 100vw, 768px\" \/><\/div><div class=\"uael-grid-img-overlay\"><\/div><\/a><\/div><\/div><div class=\"uael-grid-item  uael-img-gallery-item-3\"><div class=\"uael-grid-item-content\"><a class=\"uael-grid-img uael-grid-gallery-img uael-ins-hover elementor-clickable\" data-fancybox=\"uael-gallery\" href=\"https:\/\/www.wanderbetrieb.at\/wp-content\/uploads\/2022\/05\/wanderung-zum-sparber-3.jpg\" data-elementor-open-lightbox=\"no\"><div class=\"uael-grid-img-thumbnail uael-ins-target\"><img loading=\"lazy\" decoding=\"async\" width=\"768\" height=\"576\" src=\"https:\/\/www.wanderbetrieb.at\/wp-content\/uploads\/2022\/05\/wanderung-zum-sparber-3-768x576.jpg\" class=\"attachment-medium_large size-medium_large wp-image-1338\" alt=\"Wanderung zum Sparber\" srcset=\"https:\/\/www.wanderbetrieb.at\/wp-content\/uploads\/2022\/05\/wanderung-zum-sparber-3-768x576.jpg 768w, https:\/\/www.wanderbetrieb.at\/wp-content\/uploads\/2022\/05\/wanderung-zum-sparber-3-600x450.jpg 600w, https:\/\/www.wanderbetrieb.at\/wp-content\/uploads\/2022\/05\/wanderung-zum-sparber-3-300x225.jpg 300w, https:\/\/www.wanderbetrieb.at\/wp-content\/uploads\/2022\/05\/wanderung-zum-sparber-3.jpg 960w\" sizes=\"(max-width: 768px) 100vw, 768px\" \/><\/div><div class=\"uael-grid-img-overlay\"><\/div><\/a><\/div><\/div><div class=\"uael-grid-item  uael-img-gallery-item-4\"><div class=\"uael-grid-item-content\"><a class=\"uael-grid-img uael-grid-gallery-img uael-ins-hover elementor-clickable\" data-fancybox=\"uael-gallery\" href=\"https:\/\/www.wanderbetrieb.at\/wp-content\/uploads\/2022\/05\/wanderung-zum-sparber-4.jpg\" data-elementor-open-lightbox=\"no\"><div class=\"uael-grid-img-thumbnail uael-ins-target\"><img loading=\"lazy\" decoding=\"async\" width=\"768\" height=\"576\" src=\"https:\/\/www.wanderbetrieb.at\/wp-content\/uploads\/2022\/05\/wanderung-zum-sparber-4-768x576.jpg\" class=\"attachment-medium_large size-medium_large wp-image-1337\" alt=\"Wanderung zum Sparber\" srcset=\"https:\/\/www.wanderbetrieb.at\/wp-content\/uploads\/2022\/05\/wanderung-zum-sparber-4-768x576.jpg 768w, https:\/\/www.wanderbetrieb.at\/wp-content\/uploads\/2022\/05\/wanderung-zum-sparber-4-600x450.jpg 600w, https:\/\/www.wanderbetrieb.at\/wp-content\/uploads\/2022\/05\/wanderung-zum-sparber-4-300x225.jpg 300w, https:\/\/www.wanderbetrieb.at\/wp-content\/uploads\/2022\/05\/wanderung-zum-sparber-4.jpg 960w\" sizes=\"(max-width: 768px) 100vw, 768px\" \/><\/div><div class=\"uael-grid-img-overlay\"><\/div><\/a><\/div><\/div><\/div><\/div>\t\t\t\t<\/div>\n\t\t\t\t<\/div>\n\t\t\t\t<div class=\"elementor-element elementor-element-305833d elementor-view-default elementor-widget elementor-widget-icon\" data-id=\"305833d\" data-element_type=\"widget\" data-e-type=\"widget\" data-widget_type=\"icon.default\">\n\t\t\t\t<div class=\"elementor-widget-container\">\n\t\t\t\t\t\t\t<div class=\"elementor-icon-wrapper\">\n\t\t\t<a class=\"elementor-icon\" href=\"#sparber-streetview\">\n\t\t\t<i aria-hidden=\"true\" class=\"fas fa-street-view\"><\/i>\t\t\t<\/a>\n\t\t<\/div>\n\t\t\t\t\t\t<\/div>\n\t\t\t\t<\/div>\n\t\t\t\t\t<\/div>\n\t\t<\/div>\n\t\t\t\t\t<\/div>\n\t\t<\/section>\n\t\t\t\t<\/div>\n\t\t<div id=\"masterqrPost\" style=\"text-align:left\"><\/div><div class =\"mqrbtnalign\" style=\"    display: flex;justify-content:left\"><div style=\"width:254px;display:flex;align-items: center;justify-content: center;font-size: small\"><a id=\"downloadbuton2\" download=\"Wanderbegleitung.png\" class=\"btn_fromt_canvas\" style=\"color:#fff;background:#16601a;\">Download QR\n                <\/a><a id=\"printButtoncont\" style=\"margin-left:10px;color:#fff;background:#e53463\";>Print QR<\/a>\n                <div><\/div><script>function masterqrCurrentPAge(){new QRCode(document.getElementById(\"masterqrPost\"),{text: \"https:\/\/www.wanderbetrieb.at\/it\/wp-json\/wp\/v2\/pages\/1207\", width: 254, height: 254, colorDark: \"#000000\", colorLight:\"#fff\", PI: \"#000000\", PO: \"#000000\", AI: \"#000000\", AO: \"#000000\", PI_TL: \"#000000\", PO_TL: \"#000000\", logo: \"\", logoWidth: 55, logoHeight: 55, logoBackgroundTransparent: true, backgroundImage: \"\", dotScale: \"0.6\", timing: \"#000000\", timing_V: \"#000000\", backgroundImageAlpha: \"0.3\",});}masterqrCurrentPAge(); <\/script>","protected":false},"excerpt":{"rendered":"<p>Wanderbegleitung, den richtigen Pfad finden! Wandern ja, aber wo? Viele Pfade f\u00fchren zum Ziel, hei\u00dft es bekanntlich, aber welcher passt am besten zu mir? Gerne helfen wir Ihnen bei der Wahl der richtigen Strecke und bei der Vorbereitung. Hier in der Faistenau von der Pension Schierl aus sind viel wundersch\u00f6ne Aussichtspunkte oder auch Kraftpl\u00e4tze leicht [&hellip;]<\/p>\n","protected":false},"author":1,"featured_media":0,"parent":0,"menu_order":0,"comment_status":"closed","ping_status":"closed","template":"","meta":{"site-sidebar-layout":"no-sidebar","site-content-layout":"page-builder","ast-site-content-layout":"default","site-content-style":"default","site-sidebar-style":"default","ast-global-header-display":"","ast-banner-title-visibility":"","ast-main-header-display":"","ast-hfb-above-header-display":"","ast-hfb-below-header-display":"","ast-hfb-mobile-header-display":"","site-post-title":"disabled","ast-breadcrumbs-content":"","ast-featured-img":"disabled","footer-sml-layout":"","ast-disable-related-posts":"","theme-transparent-header-meta":"default","adv-header-id-meta":"","stick-header-meta":"","header-above-stick-meta":"","header-main-stick-meta":"","header-below-stick-meta":"","astra-migrate-meta-layouts":"default","ast-page-background-enabled":"default","ast-page-background-meta":{"desktop":{"background-color":"var(--ast-global-color-4)","background-image":"","background-repeat":"repeat","background-position":"center center","background-size":"auto","background-attachment":"scroll","background-type":"","background-media":"","overlay-type":"","overlay-color":"","overlay-opacity":"","overlay-gradient":""},"tablet":{"background-color":"","background-image":"","background-repeat":"repeat","background-position":"center center","background-size":"auto","background-attachment":"scroll","background-type":"","background-media":"","overlay-type":"","overlay-color":"","overlay-opacity":"","overlay-gradient":""},"mobile":{"background-color":"","background-image":"","background-repeat":"repeat","background-position":"center center","background-size":"auto","background-attachment":"scroll","background-type":"","background-media":"","overlay-type":"","overlay-color":"","overlay-opacity":"","overlay-gradient":""}},"ast-content-background-meta":{"desktop":{"background-color":"var(--ast-global-color-5)","background-image":"","background-repeat":"repeat","background-position":"center center","background-size":"auto","background-attachment":"scroll","background-type":"","background-media":"","overlay-type":"","overlay-color":"","overlay-opacity":"","overlay-gradient":""},"tablet":{"background-color":"var(--ast-global-color-5)","background-image":"","background-repeat":"repeat","background-position":"center center","background-size":"auto","background-attachment":"scroll","background-type":"","background-media":"","overlay-type":"","overlay-color":"","overlay-opacity":"","overlay-gradient":""},"mobile":{"background-color":"var(--ast-global-color-5)","background-image":"","background-repeat":"repeat","background-position":"center center","background-size":"auto","background-attachment":"scroll","background-type":"","background-media":"","overlay-type":"","overlay-color":"","overlay-opacity":"","overlay-gradient":""}},"footnotes":""},"class_list":["post-1207","page","type-page","status-publish","hentry"],"yoast_head":"<!-- This site is optimized with the Yoast SEO plugin v27.4 - https:\/\/yoast.com\/product\/yoast-seo-wordpress\/ -->\n<title>Wanderbegleitung in der Fuschlseeregion - Wanderbetrieb<\/title>\n<meta name=\"description\" content=\"Wanderbegleitung in der Fuschlseeregion beim Wanderbetrieb. Gerne helfen wir Ihnen bei der Wahl der richtigen Strecke und bei der Vorbereitung.\" \/>\n<meta name=\"robots\" content=\"index, follow, max-snippet:-1, max-image-preview:large, max-video-preview:-1\" \/>\n<link rel=\"canonical\" href=\"https:\/\/www.wanderbetrieb.at\/it\/guida-escursionistica\/\" \/>\n<meta property=\"og:locale\" content=\"it_IT\" \/>\n<meta property=\"og:type\" content=\"article\" \/>\n<meta property=\"og:title\" content=\"Wanderbegleitung in der Fuschlseeregion - Wanderbetrieb\" \/>\n<meta property=\"og:description\" content=\"Wanderbegleitung in der Fuschlseeregion beim Wanderbetrieb. Gerne helfen wir Ihnen bei der Wahl der richtigen Strecke und bei der Vorbereitung.\" \/>\n<meta property=\"og:url\" content=\"https:\/\/www.wanderbetrieb.at\/it\/guida-escursionistica\/\" \/>\n<meta property=\"og:site_name\" content=\"Wanderbetrieb Fuschlseeregion\" \/>\n<meta property=\"article:modified_time\" content=\"2024-05-28T10:34:03+00:00\" \/>\n<meta property=\"og:image\" content=\"https:\/\/www.wanderbetrieb.at\/wp-content\/uploads\/2022\/05\/wanderung-zur-bartlhuette-1-768x576.jpg\" \/>\n<meta name=\"twitter:card\" content=\"summary_large_image\" \/>\n<meta name=\"twitter:label1\" content=\"Tempo di lettura stimato\" \/>\n\t<meta name=\"twitter:data1\" content=\"7 minuti\" \/>\n<script type=\"application\/ld+json\" class=\"yoast-schema-graph\">{\"@context\":\"https:\\\/\\\/schema.org\",\"@graph\":[{\"@type\":\"WebPage\",\"@id\":\"https:\\\/\\\/www.wanderbetrieb.at\\\/wanderbegleitung\\\/\",\"url\":\"https:\\\/\\\/www.wanderbetrieb.at\\\/wanderbegleitung\\\/\",\"name\":\"Wanderbegleitung in der Fuschlseeregion - Wanderbetrieb\",\"isPartOf\":{\"@id\":\"https:\\\/\\\/www.wanderbetrieb.at\\\/#website\"},\"primaryImageOfPage\":{\"@id\":\"https:\\\/\\\/www.wanderbetrieb.at\\\/wanderbegleitung\\\/#primaryimage\"},\"image\":{\"@id\":\"https:\\\/\\\/www.wanderbetrieb.at\\\/wanderbegleitung\\\/#primaryimage\"},\"thumbnailUrl\":\"https:\\\/\\\/www.wanderbetrieb.at\\\/wp-content\\\/uploads\\\/2022\\\/05\\\/wanderung-zur-bartlhuette-1-768x576.jpg\",\"datePublished\":\"2022-05-19T07:05:04+00:00\",\"dateModified\":\"2024-05-28T10:34:03+00:00\",\"description\":\"Wanderbegleitung in der Fuschlseeregion beim Wanderbetrieb. Gerne helfen wir Ihnen bei der Wahl der richtigen Strecke und bei der Vorbereitung.\",\"breadcrumb\":{\"@id\":\"https:\\\/\\\/www.wanderbetrieb.at\\\/wanderbegleitung\\\/#breadcrumb\"},\"inLanguage\":\"it-IT\",\"potentialAction\":[{\"@type\":\"ReadAction\",\"target\":[\"https:\\\/\\\/www.wanderbetrieb.at\\\/wanderbegleitung\\\/\"]}]},{\"@type\":\"ImageObject\",\"inLanguage\":\"it-IT\",\"@id\":\"https:\\\/\\\/www.wanderbetrieb.at\\\/wanderbegleitung\\\/#primaryimage\",\"url\":\"https:\\\/\\\/www.wanderbetrieb.at\\\/wp-content\\\/uploads\\\/2022\\\/05\\\/wanderung-zur-bartlhuette-1-768x576.jpg\",\"contentUrl\":\"https:\\\/\\\/www.wanderbetrieb.at\\\/wp-content\\\/uploads\\\/2022\\\/05\\\/wanderung-zur-bartlhuette-1-768x576.jpg\"},{\"@type\":\"BreadcrumbList\",\"@id\":\"https:\\\/\\\/www.wanderbetrieb.at\\\/wanderbegleitung\\\/#breadcrumb\",\"itemListElement\":[{\"@type\":\"ListItem\",\"position\":1,\"name\":\"Startseite\",\"item\":\"https:\\\/\\\/www.wanderbetrieb.at\\\/\"},{\"@type\":\"ListItem\",\"position\":2,\"name\":\"Wanderbegleitung\"}]},{\"@type\":\"WebSite\",\"@id\":\"https:\\\/\\\/www.wanderbetrieb.at\\\/#website\",\"url\":\"https:\\\/\\\/www.wanderbetrieb.at\\\/\",\"name\":\"Wanderbetrieb Fuschlseeregion\",\"description\":\"\",\"publisher\":{\"@id\":\"https:\\\/\\\/www.wanderbetrieb.at\\\/#organization\"},\"potentialAction\":[{\"@type\":\"SearchAction\",\"target\":{\"@type\":\"EntryPoint\",\"urlTemplate\":\"https:\\\/\\\/www.wanderbetrieb.at\\\/?s={search_term_string}\"},\"query-input\":{\"@type\":\"PropertyValueSpecification\",\"valueRequired\":true,\"valueName\":\"search_term_string\"}}],\"inLanguage\":\"it-IT\"},{\"@type\":\"Organization\",\"@id\":\"https:\\\/\\\/www.wanderbetrieb.at\\\/#organization\",\"name\":\"Pension Schierl - Wanderbetrieb in der Fuschlseeregion\",\"url\":\"https:\\\/\\\/www.wanderbetrieb.at\\\/\",\"logo\":{\"@type\":\"ImageObject\",\"inLanguage\":\"it-IT\",\"@id\":\"https:\\\/\\\/www.wanderbetrieb.at\\\/#\\\/schema\\\/logo\\\/image\\\/\",\"url\":\"https:\\\/\\\/www.wanderbetrieb.at\\\/wp-content\\\/uploads\\\/2022\\\/05\\\/wanderbetrieb-premium.png\",\"contentUrl\":\"https:\\\/\\\/www.wanderbetrieb.at\\\/wp-content\\\/uploads\\\/2022\\\/05\\\/wanderbetrieb-premium.png\",\"width\":126,\"height\":136,\"caption\":\"Pension Schierl - Wanderbetrieb in der Fuschlseeregion\"},\"image\":{\"@id\":\"https:\\\/\\\/www.wanderbetrieb.at\\\/#\\\/schema\\\/logo\\\/image\\\/\"}}]}<\/script>\n<!-- \/ Yoast SEO plugin. -->","yoast_head_json":{"title":"Guida escursionistica nella regione del Fuschlsee - azienda escursionistica","description":"Guida escursionistica nella regione del Fuschlsee presso l&#039;azienda escursionistica. Saremo felici di aiutarti a scegliere il percorso giusto e di aiutarti a prepararti.","robots":{"index":"index","follow":"follow","max-snippet":"max-snippet:-1","max-image-preview":"max-image-preview:large","max-video-preview":"max-video-preview:-1"},"canonical":"https:\/\/www.wanderbetrieb.at\/it\/guida-escursionistica\/","og_locale":"it_IT","og_type":"article","og_title":"Wanderbegleitung in der Fuschlseeregion - Wanderbetrieb","og_description":"Wanderbegleitung in der Fuschlseeregion beim Wanderbetrieb. Gerne helfen wir Ihnen bei der Wahl der richtigen Strecke und bei der Vorbereitung.","og_url":"https:\/\/www.wanderbetrieb.at\/it\/guida-escursionistica\/","og_site_name":"Wanderbetrieb Fuschlseeregion","article_modified_time":"2024-05-28T10:34:03+00:00","og_image":[{"url":"https:\/\/www.wanderbetrieb.at\/wp-content\/uploads\/2022\/05\/wanderung-zur-bartlhuette-1-768x576.jpg","type":"","width":"","height":""}],"twitter_card":"summary_large_image","twitter_misc":{"Tempo di lettura stimato":"7 minuti"},"schema":{"@context":"https:\/\/schema.org","@graph":[{"@type":"WebPage","@id":"https:\/\/www.wanderbetrieb.at\/wanderbegleitung\/","url":"https:\/\/www.wanderbetrieb.at\/wanderbegleitung\/","name":"Guida escursionistica nella regione del Fuschlsee - azienda escursionistica","isPartOf":{"@id":"https:\/\/www.wanderbetrieb.at\/#website"},"primaryImageOfPage":{"@id":"https:\/\/www.wanderbetrieb.at\/wanderbegleitung\/#primaryimage"},"image":{"@id":"https:\/\/www.wanderbetrieb.at\/wanderbegleitung\/#primaryimage"},"thumbnailUrl":"https:\/\/www.wanderbetrieb.at\/wp-content\/uploads\/2022\/05\/wanderung-zur-bartlhuette-1-768x576.jpg","datePublished":"2022-05-19T07:05:04+00:00","dateModified":"2024-05-28T10:34:03+00:00","description":"Guida escursionistica nella regione del Fuschlsee presso l&#039;azienda escursionistica. Saremo felici di aiutarti a scegliere il percorso giusto e di aiutarti a prepararti.","breadcrumb":{"@id":"https:\/\/www.wanderbetrieb.at\/wanderbegleitung\/#breadcrumb"},"inLanguage":"it-IT","potentialAction":[{"@type":"ReadAction","target":["https:\/\/www.wanderbetrieb.at\/wanderbegleitung\/"]}]},{"@type":"ImageObject","inLanguage":"it-IT","@id":"https:\/\/www.wanderbetrieb.at\/wanderbegleitung\/#primaryimage","url":"https:\/\/www.wanderbetrieb.at\/wp-content\/uploads\/2022\/05\/wanderung-zur-bartlhuette-1-768x576.jpg","contentUrl":"https:\/\/www.wanderbetrieb.at\/wp-content\/uploads\/2022\/05\/wanderung-zur-bartlhuette-1-768x576.jpg"},{"@type":"BreadcrumbList","@id":"https:\/\/www.wanderbetrieb.at\/wanderbegleitung\/#breadcrumb","itemListElement":[{"@type":"ListItem","position":1,"name":"Startseite","item":"https:\/\/www.wanderbetrieb.at\/"},{"@type":"ListItem","position":2,"name":"Wanderbegleitung"}]},{"@type":"WebSite","@id":"https:\/\/www.wanderbetrieb.at\/#website","url":"https:\/\/www.wanderbetrieb.at\/","name":"Azienda escursionistica regione Fuschlsee","description":"","publisher":{"@id":"https:\/\/www.wanderbetrieb.at\/#organization"},"potentialAction":[{"@type":"SearchAction","target":{"@type":"EntryPoint","urlTemplate":"https:\/\/www.wanderbetrieb.at\/?s={search_term_string}"},"query-input":{"@type":"PropertyValueSpecification","valueRequired":true,"valueName":"search_term_string"}}],"inLanguage":"it-IT"},{"@type":"Organization","@id":"https:\/\/www.wanderbetrieb.at\/#organization","name":"Pension Schierl - operazione escursionistica nella regione del Fuschlsee","url":"https:\/\/www.wanderbetrieb.at\/","logo":{"@type":"ImageObject","inLanguage":"it-IT","@id":"https:\/\/www.wanderbetrieb.at\/#\/schema\/logo\/image\/","url":"https:\/\/www.wanderbetrieb.at\/wp-content\/uploads\/2022\/05\/wanderbetrieb-premium.png","contentUrl":"https:\/\/www.wanderbetrieb.at\/wp-content\/uploads\/2022\/05\/wanderbetrieb-premium.png","width":126,"height":136,"caption":"Pension Schierl - Wanderbetrieb in der Fuschlseeregion"},"image":{"@id":"https:\/\/www.wanderbetrieb.at\/#\/schema\/logo\/image\/"}}]}},"_links":{"self":[{"href":"https:\/\/www.wanderbetrieb.at\/it\/wp-json\/wp\/v2\/pages\/1207","targetHints":{"allow":["GET"]}}],"collection":[{"href":"https:\/\/www.wanderbetrieb.at\/it\/wp-json\/wp\/v2\/pages"}],"about":[{"href":"https:\/\/www.wanderbetrieb.at\/it\/wp-json\/wp\/v2\/types\/page"}],"author":[{"embeddable":true,"href":"https:\/\/www.wanderbetrieb.at\/it\/wp-json\/wp\/v2\/users\/1"}],"replies":[{"embeddable":true,"href":"https:\/\/www.wanderbetrieb.at\/it\/wp-json\/wp\/v2\/comments?post=1207"}],"version-history":[{"count":116,"href":"https:\/\/www.wanderbetrieb.at\/it\/wp-json\/wp\/v2\/pages\/1207\/revisions"}],"predecessor-version":[{"id":3237,"href":"https:\/\/www.wanderbetrieb.at\/it\/wp-json\/wp\/v2\/pages\/1207\/revisions\/3237"}],"wp:attachment":[{"href":"https:\/\/www.wanderbetrieb.at\/it\/wp-json\/wp\/v2\/media?parent=1207"}],"curies":[{"name":"wp","href":"https:\/\/api.w.org\/{rel}","templated":true}]}}